{"id":6345,"date":"2021-03-15T15:13:57","date_gmt":"2021-03-15T15:13:57","guid":{"rendered":"https:\/\/tipandtrips.es\/place\/teide-national-park-and-the-flavour-of-tenerife\/"},"modified":"2024-11-11T12:40:50","modified_gmt":"2024-11-11T12:40:50","slug":"el-parque-nacional-del-teide-y-el-sabor-de-tenerife","status":"publish","type":"place","link":"https:\/\/tipandtrips.es\/es\/place\/el-parque-nacional-del-teide-y-el-sabor-de-tenerife\/","title":{"rendered":"Visita el Parque Nacional del Teide y su gastronom\u00eda"},"content":{"rendered":"<h2><span style=\"color: #00a499;\"><span style=\"vertical-align: inherit;\"><span style=\"vertical-align: inherit;\"><span style=\"vertical-align: inherit;\"><span style=\"vertical-align: inherit;\"><span style=\"vertical-align: inherit;\"><span style=\"vertical-align: inherit;\">\u00bfPor qu\u00e9 subir al Teide con nosotros?<\/span><\/span><\/span><\/span><\/span><\/span><\/span><\/h2>\n<p><span style=\"vertical-align: inherit;\"><span style=\"vertical-align: inherit;\"><span style=\"vertical-align: inherit;\"><span style=\"vertical-align: inherit;\"><span style=\"vertical-align: inherit;\"><span style=\"vertical-align: inherit;\">El Teide es el pico m\u00e1s alto de Espa\u00f1a y uno de los parques nacionales m\u00e1s visitados de Europa. <\/span><\/span><\/span><\/span><\/span><span style=\"vertical-align: inherit;\"><span style=\"vertical-align: inherit;\"><span style=\"vertical-align: inherit;\"><span style=\"vertical-align: inherit;\"><span style=\"vertical-align: inherit;\">Tambi\u00e9n es el coraz\u00f3n de Tenerife. <\/span><\/span><\/span><\/span><\/span><span style=\"vertical-align: inherit;\"><span style=\"vertical-align: inherit;\"><span style=\"vertical-align: inherit;\"><span style=\"vertical-align: inherit;\"><span style=\"vertical-align: inherit;\">El <\/span><\/span><\/span><\/span><\/span><\/span><strong><span style=\"vertical-align: inherit;\"><span style=\"vertical-align: inherit;\"><span style=\"vertical-align: inherit;\"><span style=\"vertical-align: inherit;\"><span style=\"vertical-align: inherit;\"><span style=\"vertical-align: inherit;\">Parque Nacional del Teide <\/span><\/span><\/span><\/span><\/span><\/span><\/strong><span style=\"vertical-align: inherit;\"><span style=\"vertical-align: inherit;\"><span style=\"vertical-align: inherit;\"><span style=\"vertical-align: inherit;\"><span style=\"vertical-align: inherit;\"><span style=\"vertical-align: inherit;\">y su gastronom\u00eda son por tanto una de las visitas m\u00e1s espectaculares de la isla. <\/span><\/span><\/span><\/span><\/span><span style=\"vertical-align: inherit;\"><span style=\"vertical-align: inherit;\"><span style=\"vertical-align: inherit;\"><span style=\"vertical-align: inherit;\"><span style=\"vertical-align: inherit;\">En 1954 toda la zona fue declarada Patrimonio Nacional, por lo que no s\u00f3lo visitaremos el Teide, sino tambi\u00e9n varios puntos de inter\u00e9s: Roques de Garc\u00eda, Minas de San Jos\u00e9 o el Centro de Interpretaci\u00f3n, un combo perfecto para conocer el coraz\u00f3n de Tenerife!<\/span><\/span><\/span><\/span><\/span><\/span><\/p>\n<p><span style=\"vertical-align: inherit;\"><span style=\"vertical-align: inherit;\"><span style=\"vertical-align: inherit;\"><span style=\"vertical-align: inherit;\"><span style=\"vertical-align: inherit;\"><span style=\"vertical-align: inherit;\">Pero eso no es todo, al final de la visita iremos a un restaurante t\u00edpico canario, los llamados <\/span><\/span><\/span><\/span><a href=\"https:\/\/tipandtrips.es\/es\/la-gastronomia-de-canarias\/el-guachinche-restaurante-canario\/\" target=\"_blank\" rel=\"noopener\"><span style=\"vertical-align: inherit;\"><span style=\"vertical-align: inherit;\"><span style=\"vertical-align: inherit;\"><span style=\"vertical-align: inherit;\">Guachinches<\/span><\/span><\/span><\/span><\/a><span style=\"vertical-align: inherit;\"><span style=\"vertical-align: inherit;\"><span style=\"vertical-align: inherit;\"><span style=\"vertical-align: inherit;\"> , donde podremos disfrutar de algo de la gastronom\u00eda de nuestra tierra.<\/span><\/span><\/span><\/span><\/span><\/span><\/p>\n<h3><span style=\"color: #00a499;\"><span style=\"vertical-align: inherit;\"><span style=\"vertical-align: inherit;\"><span style=\"vertical-align: inherit;\"><span style=\"vertical-align: inherit;\"><span style=\"vertical-align: inherit;\"><span style=\"vertical-align: inherit;\">\u00bfQu\u00e9 podemos ver a lo largo de la ruta?<\/span><\/span><\/span><\/span><\/span><\/span><\/span><\/h3>\n<p><span style=\"vertical-align: inherit;\"><span style=\"vertical-align: inherit;\"><span style=\"vertical-align: inherit;\"><span style=\"vertical-align: inherit;\"><span style=\"vertical-align: inherit;\"><span style=\"vertical-align: inherit;\">La ruta comienza en la monta\u00f1a de <\/span><\/span><\/span><\/span><strong><span style=\"vertical-align: inherit;\"><span style=\"vertical-align: inherit;\"><span style=\"vertical-align: inherit;\"><span style=\"vertical-align: inherit;\">La Esperanza<\/span><\/span><\/span><\/span><\/strong><span style=\"vertical-align: inherit;\"><span style=\"vertical-align: inherit;\"><span style=\"vertical-align: inherit;\"><span style=\"vertical-align: inherit;\"> para adentrarnos en los <\/span><\/span><\/span><\/span><strong><span style=\"vertical-align: inherit;\"><span style=\"vertical-align: inherit;\"><span style=\"vertical-align: inherit;\"><span style=\"vertical-align: inherit;\">pinos canarios<\/span><\/span><\/span><\/span><\/strong><span style=\"vertical-align: inherit;\"><span style=\"vertical-align: inherit;\"><span style=\"vertical-align: inherit;\"><span style=\"vertical-align: inherit;\"> y toda su vegetaci\u00f3n. <\/span><\/span><\/span><\/span><\/span><span style=\"vertical-align: inherit;\"><span style=\"vertical-align: inherit;\"><span style=\"vertical-align: inherit;\"><span style=\"vertical-align: inherit;\"><span style=\"vertical-align: inherit;\">Tambi\u00e9n disfrutaremos del<\/span><\/span><\/span><\/span><strong><span style=\"vertical-align: inherit;\"><span style=\"vertical-align: inherit;\"><span style=\"vertical-align: inherit;\"><span style=\"vertical-align: inherit;\">\u00a0paisaje volc\u00e1nico<\/span><\/span><\/span><\/span><\/strong><span style=\"vertical-align: inherit;\"><span style=\"vertical-align: inherit;\"><span style=\"vertical-align: inherit;\"><span style=\"vertical-align: inherit;\"> y conoceremos de primera mano sus miradores y formaciones geol\u00f3gicas. <\/span><\/span><\/span><\/span><\/span><span style=\"vertical-align: inherit;\"><span style=\"vertical-align: inherit;\"><span style=\"vertical-align: inherit;\"><span style=\"vertical-align: inherit;\"><span style=\"vertical-align: inherit;\">Visitaremos lugares emblem\u00e1ticos como los <\/span><\/span><\/span><\/span><strong><span style=\"vertical-align: inherit;\"><span style=\"vertical-align: inherit;\"><span style=\"vertical-align: inherit;\"><span style=\"vertical-align: inherit;\">Roques de Garc\u00eda<\/span><\/span><\/span><\/span><\/strong><span style=\"vertical-align: inherit;\"><span style=\"vertical-align: inherit;\"><span style=\"vertical-align: inherit;\"><span style=\"vertical-align: inherit;\"> o las Minas de San Jos\u00e9. <\/span><\/span><\/span><\/span><\/span><span style=\"vertical-align: inherit;\"><span style=\"vertical-align: inherit;\"><span style=\"vertical-align: inherit;\"><span style=\"vertical-align: inherit;\"><span style=\"vertical-align: inherit;\">Al bajar del Teide, atravesaremos el <\/span><\/span><\/span><\/span><strong><span style=\"vertical-align: inherit;\"><span style=\"vertical-align: inherit;\"><span style=\"vertical-align: inherit;\"><span style=\"vertical-align: inherit;\">Valle de la Orotava<\/span><\/span><\/span><\/span><\/strong><span style=\"vertical-align: inherit;\"><span style=\"vertical-align: inherit;\"><span style=\"vertical-align: inherit;\"><span style=\"vertical-align: inherit;\"> para disfrutar del mejor sabor de Tenerife en un <\/span><\/span><\/span><\/span><span style=\"vertical-align: inherit;\"><span style=\"vertical-align: inherit;\"><span style=\"vertical-align: inherit;\"><span style=\"vertical-align: inherit;\">guachinche<\/span><\/span><\/span><\/span><span style=\"vertical-align: inherit;\"><span style=\"vertical-align: inherit;\"><span style=\"vertical-align: inherit;\"><span style=\"vertical-align: inherit;\"> .<\/span><\/span><\/span><\/span><\/span><\/span><\/p>\n<p style=\"text-align: center;\"><a href=\"https:\/\/tipandtrips.es\/wp-content\/uploads\/2021\/04\/20200812_121055_resized_20210427_125028685.jpg\"><img loading=\"lazy\" class=\"alignnone size-medium wp-image-6918\" src=\"https:\/\/tipandtrips.es\/wp-content\/uploads\/2021\/04\/20200812_121055_resized_20210427_125028685-300x225.jpg\" alt=\"\" width=\"300\" height=\"225\" srcset=\"https:\/\/tipandtrips.es\/wp-content\/uploads\/2021\/04\/20200812_121055_resized_20210427_125028685-300x225.jpg 300w, https:\/\/tipandtrips.es\/wp-content\/uploads\/2021\/04\/20200812_121055_resized_20210427_125028685-1024x768.jpg 1024w, https:\/\/tipandtrips.es\/wp-content\/uploads\/2021\/04\/20200812_121055_resized_20210427_125028685-768x576.jpg 768w, https:\/\/tipandtrips.es\/wp-content\/uploads\/2021\/04\/20200812_121055_resized_20210427_125028685-1536x1152.jpg 1536w, https:\/\/tipandtrips.es\/wp-content\/uploads\/2021\/04\/20200812_121055_resized_20210427_125028685-600x450.jpg 600w, https:\/\/tipandtrips.es\/wp-content\/uploads\/2021\/04\/20200812_121055_resized_20210427_125028685.jpg 2016w\" sizes=\"(max-width: 300px) 100vw, 300px\" \/><\/a><\/p>\n<h3><strong><span style=\"color: #ed8b00;\"><span style=\"vertical-align: inherit;\"><span style=\"vertical-align: inherit;\"><span style=\"vertical-align: inherit;\"><span style=\"vertical-align: inherit;\"><span style=\"vertical-align: inherit;\"><span style=\"vertical-align: inherit;\">Itinerario<\/span><\/span><\/span><\/span><\/span><\/span><\/span><\/strong><\/h3>\n<ul>\n<li><span style=\"vertical-align: inherit;\"><span style=\"vertical-align: inherit;\"><span style=\"vertical-align: inherit;\"><span style=\"vertical-align: inherit;\"><span style=\"vertical-align: inherit;\"><span style=\"vertical-align: inherit;\">8.00 AM &#8211; 09.30 AM: Salida Zona Sur.<\/span><\/span><\/span><\/span><\/span><\/span><\/li>\n<li><span style=\"vertical-align: inherit;\"><span style=\"vertical-align: inherit;\"><span style=\"vertical-align: inherit;\"><span style=\"vertical-align: inherit;\"><span style=\"vertical-align: inherit;\"><span style=\"vertical-align: inherit;\">Salida desde el sur de la isla.<\/span><\/span><\/span><\/span><\/span><\/span><\/li>\n<li><span style=\"vertical-align: inherit;\"><span style=\"vertical-align: inherit;\"><span style=\"vertical-align: inherit;\"><span style=\"vertical-align: inherit;\"><span style=\"vertical-align: inherit;\"><span style=\"vertical-align: inherit;\">9.00 AM &#8211; 9.45 AM: Salida Zona Norte<\/span><\/span><\/span><\/span><\/span><\/span><\/li>\n<li><span style=\"vertical-align: inherit;\"><span style=\"vertical-align: inherit;\"><span style=\"vertical-align: inherit;\"><span style=\"vertical-align: inherit;\"><span style=\"vertical-align: inherit;\"><span style=\"vertical-align: inherit;\">Salida desde la parte norte de la isla.<\/span><\/span><\/span><\/span><\/span><\/span><\/li>\n<li><span style=\"vertical-align: inherit;\"><span style=\"vertical-align: inherit;\"><span style=\"vertical-align: inherit;\"><span style=\"vertical-align: inherit;\"><span style=\"vertical-align: inherit;\"><span style=\"vertical-align: inherit;\">9.45 AM &#8211; 10.00 AM: Salida desde Santa Cruz \/ La Laguna<\/span><\/span><\/span><\/span><\/span><\/span><\/li>\n<li><span style=\"vertical-align: inherit;\"><span style=\"vertical-align: inherit;\"><span style=\"vertical-align: inherit;\"><span style=\"vertical-align: inherit;\"><span style=\"vertical-align: inherit;\"><span style=\"vertical-align: inherit;\">10.15 AM &#8211; 11.00 AM: Comienzo. <\/span><\/span><\/span><\/span><\/span><span style=\"vertical-align: inherit;\"><span style=\"vertical-align: inherit;\"><span style=\"vertical-align: inherit;\"><span style=\"vertical-align: inherit;\"><span style=\"vertical-align: inherit;\">Inicio de la Experiencia.<\/span><\/span><\/span><\/span><\/span><\/span><\/li>\n<li><span style=\"vertical-align: inherit;\"><span style=\"vertical-align: inherit;\"><span style=\"vertical-align: inherit;\"><span style=\"vertical-align: inherit;\"><span style=\"vertical-align: inherit;\"><span style=\"vertical-align: inherit;\">02.30 PM: Almuerzo<\/span><\/span><\/span><\/span><\/span><\/span><\/li>\n<li><span style=\"vertical-align: inherit;\"><span style=\"vertical-align: inherit;\"><span style=\"vertical-align: inherit;\"><span style=\"vertical-align: inherit;\"><span style=\"vertical-align: inherit;\"><span style=\"vertical-align: inherit;\">04.00 PM: Regreso<\/span><\/span><\/span><\/span><\/span><\/span><\/li>\n<\/ul>\n<h3><span style=\"color: #ed8b00;\"><strong><span style=\"vertical-align: inherit;\"><span style=\"vertical-align: inherit;\"><span style=\"vertical-align: inherit;\"><span style=\"vertical-align: inherit;\"><span style=\"vertical-align: inherit;\"><span style=\"vertical-align: inherit;\">Duraci\u00f3n<\/span><\/span><\/span><\/span><\/span><\/span><\/strong><\/span><\/h3>\n<p><span style=\"vertical-align: inherit;\"><span style=\"vertical-align: inherit;\"><span style=\"vertical-align: inherit;\"><span style=\"vertical-align: inherit;\"><span style=\"vertical-align: inherit;\"><span style=\"vertical-align: inherit;\">Esta excursi\u00f3n dura hasta el final de la tarde.<\/span><\/span><\/span><\/span><\/span><\/span><\/p>\n<p><span style=\"vertical-align: inherit;\"><span style=\"vertical-align: inherit;\"><span style=\"vertical-align: inherit;\"><span style=\"vertical-align: inherit;\"><span style=\"vertical-align: inherit;\"><span style=\"vertical-align: inherit;\">El Parque Nacional del Teide y su gastronom\u00eda es una visita \u00fanica, tanto por su clima como por sus lugares y su historia.<\/span><\/span><\/span><\/span><\/span><\/span><\/p>\n<h3><span style=\"color: #ed8b00;\"><span style=\"vertical-align: inherit;\"><span style=\"vertical-align: inherit;\"><span style=\"vertical-align: inherit;\"><span style=\"vertical-align: inherit;\"><span style=\"vertical-align: inherit;\"><span style=\"vertical-align: inherit;\">\u00bfQu\u00e9 llevar en la ruta?<\/span><\/span><\/span><\/span><\/span><\/span><\/span><\/h3>\n<p><span style=\"vertical-align: inherit;\"><span style=\"vertical-align: inherit;\"><span style=\"vertical-align: inherit;\"><span style=\"vertical-align: inherit;\"><span style=\"vertical-align: inherit;\"><span style=\"vertical-align: inherit;\">Es aconsejable llevar ropa c\u00f3moda y algo de abrigo.<\/span><\/span><\/span><\/span><\/span><\/span><\/p>\n<h2 style=\"text-align: center;\"><span style=\"color: #00a499;\"><b>\u00abEL DIA PERFECTO\u00bb de TIP AND TRIPS\u00a0<\/b><\/span><\/h2>\n<p>En Tip and Trips queremos que disfrutes al m\u00e1ximo de <strong>Tenerife<\/strong>, de su gastronom\u00eda, su cultura, pero tambi\u00e9n de todas las posibilidades que ofrece cada rinc\u00f3n de la isla. Por ello te proponemos \u00abEl d\u00eda perfecto\u00bb, seg\u00fan el horario que escojas. Si tienes alguna duda <a href=\"https:\/\/tipandtrips.es\/es\/contactar\/\">escr\u00edbenos<\/a>!<\/p>\n<p><span style=\"vertical-align: inherit;\"><span style=\"vertical-align: inherit;\"><span style=\"vertical-align: inherit;\"><span style=\"vertical-align: inherit;\"><span style=\"vertical-align: inherit;\"><span style=\"vertical-align: inherit;\">Despu\u00e9s de la visita al Teide, dependiendo de d\u00f3nde te alojes, te sugerimos algunos planes. <\/span><\/span><\/span><\/span><\/span><span style=\"vertical-align: inherit;\"><span style=\"vertical-align: inherit;\"><span style=\"vertical-align: inherit;\"><span style=\"vertical-align: inherit;\"><span style=\"vertical-align: inherit;\">Si te quedas en el norte puedes acercarte a las terrazas del Sauzal para disfrutar del atardecer con un caf\u00e9 o un mojito mientras disfrutas de las vistas. <\/span><\/span><\/span><\/span><\/span><span style=\"vertical-align: inherit;\"><span style=\"vertical-align: inherit;\"><span style=\"vertical-align: inherit;\"><span style=\"vertical-align: inherit;\"><span style=\"vertical-align: inherit;\">Una copa de vino en <\/span><\/span><\/span><\/span><\/span><\/span><strong><span style=\"vertical-align: inherit;\"><span style=\"vertical-align: inherit;\"><span style=\"vertical-align: inherit;\"><span style=\"vertical-align: inherit;\"><span style=\"vertical-align: inherit;\"><span style=\"vertical-align: inherit;\">La Casa del Vino<\/span><\/span><\/span><\/span><\/span><\/span><\/strong><span style=\"vertical-align: inherit;\"><span style=\"vertical-align: inherit;\"><span style=\"vertical-align: inherit;\"><span style=\"vertical-align: inherit;\"><span style=\"vertical-align: inherit;\"><span style=\"vertical-align: inherit;\"> tambi\u00e9n es una excelente manera de disfrutar de las vistas del Teide.<\/span><\/span><\/span><\/span><\/span><\/span><\/p>\n<p><span style=\"vertical-align: inherit;\"><span style=\"vertical-align: inherit;\"><span style=\"vertical-align: inherit;\"><span style=\"vertical-align: inherit;\"><span style=\"vertical-align: inherit;\"><span style=\"vertical-align: inherit;\">Si te alojas en el sur, puedes dirigirte a El M\u00e9dano para disfrutar de un poco de calor o <\/span><\/span><\/span><\/span><\/span><\/span><strong><span style=\"vertical-align: inherit;\"><span style=\"vertical-align: inherit;\"><span style=\"vertical-align: inherit;\"><span style=\"vertical-align: inherit;\"><span style=\"vertical-align: inherit;\"><span style=\"vertical-align: inherit;\">Le Club en Adeje<\/span><\/span><\/span><\/span><\/span><\/span><\/strong><span style=\"vertical-align: inherit;\"><span style=\"vertical-align: inherit;\"><span style=\"vertical-align: inherit;\"><span style=\"vertical-align: inherit;\"><span style=\"vertical-align: inherit;\"><span style=\"vertical-align: inherit;\"> . <\/span><\/span><\/span><\/span><\/span><span style=\"vertical-align: inherit;\"><span style=\"vertical-align: inherit;\"><span style=\"vertical-align: inherit;\"><span style=\"vertical-align: inherit;\"><span style=\"vertical-align: inherit;\">Desde ambos lugares las vistas y los atardeceres son espectaculares.<\/span><\/span><\/span><\/span><\/span><\/span><\/p>\n","protected":false},"excerpt":{"rendered":"<p>\u00bfPor qu\u00e9 subir al Teide con nosotros? El Teide es el pico m\u00e1s alto de Espa\u00f1a y uno de los parques nacionales m\u00e1s visitados de Europa. Tambi\u00e9n es el coraz\u00f3n de Tenerife. El Parque Nacional del Teide y su gastronom\u00eda son por tanto una de las visitas m\u00e1s espectaculares de la isla. En 1954 toda [&hellip;]<\/p>\n","protected":false},"author":2,"featured_media":6048,"menu_order":0,"comment_status":"open","ping_status":"closed","template":"","place-type":[340,343],"place-categories":[361],"place-amenities":[364,372,384,386,385,387,389,390,391],"place-city":[405],"yoast_head":"<!-- This site is optimized with the Yoast SEO plugin v19.1 - https:\/\/yoast.com\/wordpress\/plugins\/seo\/ -->\n<title>Visita el Parque Nacional del Teide y su gastronom\u00eda - Tip and Trips<\/title>\n<meta name=\"description\" content=\"Conoce el Parque Nacional del Teide, sus rincones, su historia, sus sabores su flora y fauna con Tip and Trips. \u00bfEst\u00e1s preparado? Vamos.\" \/>\n<meta name=\"robots\" content=\"index, follow, max-snippet:-1, max-image-preview:large, max-video-preview:-1\" \/>\n<link rel=\"canonical\" href=\"https:\/\/tipandtrips.es\/es\/place\/el-parque-nacional-del-teide-y-el-sabor-de-tenerife\/\" \/>\n<meta property=\"og:locale\" content=\"es_ES\" \/>\n<meta property=\"og:type\" content=\"article\" \/>\n<meta property=\"og:title\" content=\"Visita el Parque Nacional del Teide y su gastronom\u00eda - Tip and Trips\" \/>\n<meta property=\"og:description\" content=\"Conoce el Parque Nacional del Teide, sus rincones, su historia, sus sabores su flora y fauna con Tip and Trips. \u00bfEst\u00e1s preparado? Vamos.\" \/>\n<meta property=\"og:url\" content=\"https:\/\/tipandtrips.es\/es\/place\/el-parque-nacional-del-teide-y-el-sabor-de-tenerife\/\" \/>\n<meta property=\"og:site_name\" content=\"Tip and Trips\" \/>\n<meta property=\"article:modified_time\" content=\"2024-11-11T12:40:50+00:00\" \/>\n<meta property=\"og:image\" content=\"https:\/\/tipandtrips.es\/wp-content\/uploads\/2021\/03\/WhatsApp-Image-2021-01-11-at-18.35.35-1.jpeg\" \/>\n\t<meta property=\"og:image:width\" content=\"1600\" \/>\n\t<meta property=\"og:image:height\" content=\"1200\" \/>\n\t<meta property=\"og:image:type\" content=\"image\/jpeg\" \/>\n<meta name=\"twitter:card\" content=\"summary_large_image\" \/>\n<meta name=\"twitter:label1\" content=\"Tiempo de lectura\" \/>\n\t<meta name=\"twitter:data1\" content=\"3 minutos\" \/>\n<script type=\"application\/ld+json\" class=\"yoast-schema-graph\">{\"@context\":\"https:\/\/schema.org\",\"@graph\":[{\"@type\":\"Organization\",\"@id\":\"https:\/\/tipandtrips.es\/#organization\",\"name\":\"Tip And Trips\",\"url\":\"https:\/\/tipandtrips.es\/\",\"sameAs\":[],\"logo\":{\"@type\":\"ImageObject\",\"inLanguage\":\"es\",\"@id\":\"https:\/\/tipandtrips.es\/#\/schema\/logo\/image\/\",\"url\":\"https:\/\/tipandtrips.es\/wp-content\/uploads\/2021\/02\/TipTrips_Web_trans.png\",\"contentUrl\":\"https:\/\/tipandtrips.es\/wp-content\/uploads\/2021\/02\/TipTrips_Web_trans.png\",\"width\":3763,\"height\":1998,\"caption\":\"Tip And Trips\"},\"image\":{\"@id\":\"https:\/\/tipandtrips.es\/#\/schema\/logo\/image\/\"}},{\"@type\":\"WebSite\",\"@id\":\"https:\/\/tipandtrips.es\/#website\",\"url\":\"https:\/\/tipandtrips.es\/\",\"name\":\"Tip and Trips\",\"description\":\"Actividades y excursiones en las Islas Canarias\",\"publisher\":{\"@id\":\"https:\/\/tipandtrips.es\/#organization\"},\"potentialAction\":[{\"@type\":\"SearchAction\",\"target\":{\"@type\":\"EntryPoint\",\"urlTemplate\":\"https:\/\/tipandtrips.es\/?s={search_term_string}\"},\"query-input\":\"required name=search_term_string\"}],\"inLanguage\":\"es\"},{\"@type\":\"ImageObject\",\"inLanguage\":\"es\",\"@id\":\"https:\/\/tipandtrips.es\/es\/place\/el-parque-nacional-del-teide-y-el-sabor-de-tenerife\/#primaryimage\",\"url\":\"https:\/\/tipandtrips.es\/wp-content\/uploads\/2021\/03\/WhatsApp-Image-2021-01-11-at-18.35.35-1.jpeg\",\"contentUrl\":\"https:\/\/tipandtrips.es\/wp-content\/uploads\/2021\/03\/WhatsApp-Image-2021-01-11-at-18.35.35-1.jpeg\",\"width\":1600,\"height\":1200},{\"@type\":\"WebPage\",\"@id\":\"https:\/\/tipandtrips.es\/es\/place\/el-parque-nacional-del-teide-y-el-sabor-de-tenerife\/#webpage\",\"url\":\"https:\/\/tipandtrips.es\/es\/place\/el-parque-nacional-del-teide-y-el-sabor-de-tenerife\/\",\"name\":\"Visita el Parque Nacional del Teide y su gastronom\u00eda - Tip and Trips\",\"isPartOf\":{\"@id\":\"https:\/\/tipandtrips.es\/#website\"},\"primaryImageOfPage\":{\"@id\":\"https:\/\/tipandtrips.es\/es\/place\/el-parque-nacional-del-teide-y-el-sabor-de-tenerife\/#primaryimage\"},\"datePublished\":\"2021-03-15T15:13:57+00:00\",\"dateModified\":\"2024-11-11T12:40:50+00:00\",\"description\":\"Conoce el Parque Nacional del Teide, sus rincones, su historia, sus sabores su flora y fauna con Tip and Trips. \u00bfEst\u00e1s preparado? Vamos.\",\"breadcrumb\":{\"@id\":\"https:\/\/tipandtrips.es\/es\/place\/el-parque-nacional-del-teide-y-el-sabor-de-tenerife\/#breadcrumb\"},\"inLanguage\":\"es\",\"potentialAction\":[{\"@type\":\"ReadAction\",\"target\":[\"https:\/\/tipandtrips.es\/es\/place\/el-parque-nacional-del-teide-y-el-sabor-de-tenerife\/\"]}]},{\"@type\":\"BreadcrumbList\",\"@id\":\"https:\/\/tipandtrips.es\/es\/place\/el-parque-nacional-del-teide-y-el-sabor-de-tenerife\/#breadcrumb\",\"itemListElement\":[{\"@type\":\"ListItem\",\"position\":1,\"name\":\"Portada\",\"item\":\"https:\/\/tipandtrips.es\/es\/\"},{\"@type\":\"ListItem\",\"position\":2,\"name\":\"Place\",\"item\":\"https:\/\/tipandtrips.es\/es\/place\/\"},{\"@type\":\"ListItem\",\"position\":3,\"name\":\"Visita el Parque Nacional del Teide y su gastronom\u00eda\"}]}]}<\/script>\n<!-- \/ Yoast SEO plugin. -->","yoast_head_json":{"title":"Visita el Parque Nacional del Teide y su gastronom\u00eda - Tip and Trips","description":"Conoce el Parque Nacional del Teide, sus rincones, su historia, sus sabores su flora y fauna con Tip and Trips. \u00bfEst\u00e1s preparado? Vamos.","robots":{"index":"index","follow":"follow","max-snippet":"max-snippet:-1","max-image-preview":"max-image-preview:large","max-video-preview":"max-video-preview:-1"},"canonical":"https:\/\/tipandtrips.es\/es\/place\/el-parque-nacional-del-teide-y-el-sabor-de-tenerife\/","og_locale":"es_ES","og_type":"article","og_title":"Visita el Parque Nacional del Teide y su gastronom\u00eda - Tip and Trips","og_description":"Conoce el Parque Nacional del Teide, sus rincones, su historia, sus sabores su flora y fauna con Tip and Trips. \u00bfEst\u00e1s preparado? Vamos.","og_url":"https:\/\/tipandtrips.es\/es\/place\/el-parque-nacional-del-teide-y-el-sabor-de-tenerife\/","og_site_name":"Tip and Trips","article_modified_time":"2024-11-11T12:40:50+00:00","og_image":[{"width":1600,"height":1200,"url":"https:\/\/tipandtrips.es\/wp-content\/uploads\/2021\/03\/WhatsApp-Image-2021-01-11-at-18.35.35-1.jpeg","type":"image\/jpeg"}],"twitter_card":"summary_large_image","twitter_misc":{"Tiempo de lectura":"3 minutos"},"schema":{"@context":"https:\/\/schema.org","@graph":[{"@type":"Organization","@id":"https:\/\/tipandtrips.es\/#organization","name":"Tip And Trips","url":"https:\/\/tipandtrips.es\/","sameAs":[],"logo":{"@type":"ImageObject","inLanguage":"es","@id":"https:\/\/tipandtrips.es\/#\/schema\/logo\/image\/","url":"https:\/\/tipandtrips.es\/wp-content\/uploads\/2021\/02\/TipTrips_Web_trans.png","contentUrl":"https:\/\/tipandtrips.es\/wp-content\/uploads\/2021\/02\/TipTrips_Web_trans.png","width":3763,"height":1998,"caption":"Tip And Trips"},"image":{"@id":"https:\/\/tipandtrips.es\/#\/schema\/logo\/image\/"}},{"@type":"WebSite","@id":"https:\/\/tipandtrips.es\/#website","url":"https:\/\/tipandtrips.es\/","name":"Tip and Trips","description":"Actividades y excursiones en las Islas Canarias","publisher":{"@id":"https:\/\/tipandtrips.es\/#organization"},"potentialAction":[{"@type":"SearchAction","target":{"@type":"EntryPoint","urlTemplate":"https:\/\/tipandtrips.es\/?s={search_term_string}"},"query-input":"required name=search_term_string"}],"inLanguage":"es"},{"@type":"ImageObject","inLanguage":"es","@id":"https:\/\/tipandtrips.es\/es\/place\/el-parque-nacional-del-teide-y-el-sabor-de-tenerife\/#primaryimage","url":"https:\/\/tipandtrips.es\/wp-content\/uploads\/2021\/03\/WhatsApp-Image-2021-01-11-at-18.35.35-1.jpeg","contentUrl":"https:\/\/tipandtrips.es\/wp-content\/uploads\/2021\/03\/WhatsApp-Image-2021-01-11-at-18.35.35-1.jpeg","width":1600,"height":1200},{"@type":"WebPage","@id":"https:\/\/tipandtrips.es\/es\/place\/el-parque-nacional-del-teide-y-el-sabor-de-tenerife\/#webpage","url":"https:\/\/tipandtrips.es\/es\/place\/el-parque-nacional-del-teide-y-el-sabor-de-tenerife\/","name":"Visita el Parque Nacional del Teide y su gastronom\u00eda - Tip and Trips","isPartOf":{"@id":"https:\/\/tipandtrips.es\/#website"},"primaryImageOfPage":{"@id":"https:\/\/tipandtrips.es\/es\/place\/el-parque-nacional-del-teide-y-el-sabor-de-tenerife\/#primaryimage"},"datePublished":"2021-03-15T15:13:57+00:00","dateModified":"2024-11-11T12:40:50+00:00","description":"Conoce el Parque Nacional del Teide, sus rincones, su historia, sus sabores su flora y fauna con Tip and Trips. \u00bfEst\u00e1s preparado? Vamos.","breadcrumb":{"@id":"https:\/\/tipandtrips.es\/es\/place\/el-parque-nacional-del-teide-y-el-sabor-de-tenerife\/#breadcrumb"},"inLanguage":"es","potentialAction":[{"@type":"ReadAction","target":["https:\/\/tipandtrips.es\/es\/place\/el-parque-nacional-del-teide-y-el-sabor-de-tenerife\/"]}]},{"@type":"BreadcrumbList","@id":"https:\/\/tipandtrips.es\/es\/place\/el-parque-nacional-del-teide-y-el-sabor-de-tenerife\/#breadcrumb","itemListElement":[{"@type":"ListItem","position":1,"name":"Portada","item":"https:\/\/tipandtrips.es\/es\/"},{"@type":"ListItem","position":2,"name":"Place","item":"https:\/\/tipandtrips.es\/es\/place\/"},{"@type":"ListItem","position":3,"name":"Visita el Parque Nacional del Teide y su gastronom\u00eda"}]}]}},"featured_media_url":"https:\/\/tipandtrips.es\/wp-content\/uploads\/2021\/03\/WhatsApp-Image-2021-01-11-at-18.35.35-1.jpeg","golo-place_price_short":"65","golo-place_price_unit":"h","golo-place_price_range":"3","golo-place_booking_type":"banner","golo-place_booking":"","golo-place_booking_site":"","golo-place_booking_banner":{"id":"6063","url":"https:\/\/tipandtrips.es\/wp-content\/uploads\/2020\/09\/Booking-button-ES.png"},"golo-place_booking_banner_url":"https:\/\/tipandtrips.es\/es\/producto\/reservar-parque-nacional-del-teide-y-el-sabor-de-tenerife\/","golo-place_booking_form":"5318","golo-place_phone":"","golo-place_phone2":"","golo-place_email":"","golo-place_website":"","golo-place_identity":"TF03HK07","golo-place_facebook":"","golo-place_instagram":"","golo-additional_detail":"1","golo-additional_detail_icon":[""],"golo-additional_detail_url":[""],"golo-opening_monday":"Lunes","golo-opening_monday_time":"","golo-opening_tuesday":"Martes","golo-opening_tuesday_time":"","golo-opening_wednesday":"Mi\u00e9rcoles","golo-opening_wednesday_time":"","golo-opening_thursday":"Jueves","golo-opening_thursday_time":"","golo-opening_friday":"Viernes","golo-opening_friday_time":"","golo-opening_saturday":"S\u00e1bado","golo-opening_saturday_time":"","golo-opening_sunday":"Domingo","golo-opening_sunday_time":"","golo-yelp_review":"1","golo-yelp_review_title":[""],"golo-yelp_review_type":[""],"golo-place_views_count":"795","golo-menu_enable":"0","golo-menu_tab":[{"golo-menu_title":"","golo-menu_price":"","golo-menu_description":"","golo-menu_image":{"id":"0","url":""}}],"golo-place_address":"","golo-place_zip":"","golo-place_location":{"location":"-74.5, 40","address":""},"golo-place_featured":"1","golo-place_logged":"0","golo-place_images":["https:\/\/tipandtrips.es\/wp-content\/uploads\/2021\/03\/G1-TF03HK07-Teide-National-Park-and-the-flavour-of-Tenerife.jpeg"],"golo-place_video_url":"","golo-place_video_image":"","golo-faqs_enable":"1","golo-faqs_tab":[{"golo-faqs_title":"Medidas Covid-19","golo-faqs_description":"El uso de la mascarilla es obligatorio a menos que puedan mantener la distancia de seguridad. Adem\u00e1s, se debe llevar gel hidroalcoh\u00f3lico."},{"golo-faqs_title":"\u00bfA qui\u00e9n va dirigida esta actividad?","golo-faqs_description":"A todas las personas amantes del senderismo que quieran conocer el Teide de una forma diferente."},{"golo-faqs_title":"\u00bfC\u00f3mo puedo llegar al punto de encuentro?","golo-faqs_description":"Tenemos salidas desde el norte y el sur de la isla. Tambi\u00e9n puedes traer tu coche y encontrarnos all\u00ed."},{"golo-faqs_title":"Pol\u00edtica de cancelaci\u00f3n","golo-faqs_description":"Puedes cancelar esta excursi\u00f3n hasta 48 horas antes del inicio de la actividad."}],"golo-booking_item_name":"","golo-booking_item_id":"","golo-booking_item_author":"","golo-booking_adults":"","golo-booking_childrens":"","golo-booking_date":"","golo-booking_time":"","golo-package_free":"","golo-package_price":"","golo-package_unlimited_time":"","golo-package_time_unit":"","golo-package_period":"","golo-package_unlimited_listing":"","golo-package_number_listings":"","golo-package_number_featured":"","golo-package_order_display":"","golo-package_featured":"","golo-package_visible":"","golo-place_rating":"","golo-review_count":0,"_links":{"self":[{"href":"https:\/\/tipandtrips.es\/es\/wp-json\/wp\/v2\/place\/6345"}],"collection":[{"href":"https:\/\/tipandtrips.es\/es\/wp-json\/wp\/v2\/place"}],"about":[{"href":"https:\/\/tipandtrips.es\/es\/wp-json\/wp\/v2\/types\/place"}],"author":[{"embeddable":true,"href":"https:\/\/tipandtrips.es\/es\/wp-json\/wp\/v2\/users\/2"}],"replies":[{"embeddable":true,"href":"https:\/\/tipandtrips.es\/es\/wp-json\/wp\/v2\/comments?post=6345"}],"version-history":[{"count":10,"href":"https:\/\/tipandtrips.es\/es\/wp-json\/wp\/v2\/place\/6345\/revisions"}],"predecessor-version":[{"id":9746,"href":"https:\/\/tipandtrips.es\/es\/wp-json\/wp\/v2\/place\/6345\/revisions\/9746"}],"wp:featuredmedia":[{"embeddable":true,"href":"https:\/\/tipandtrips.es\/es\/wp-json\/wp\/v2\/media\/6048"}],"wp:attachment":[{"href":"https:\/\/tipandtrips.es\/es\/wp-json\/wp\/v2\/media?parent=6345"}],"wp:term":[{"taxonomy":"place-type","embeddable":true,"href":"https:\/\/tipandtrips.es\/es\/wp-json\/wp\/v2\/place-type?post=6345"},{"taxonomy":"place-categories","embeddable":true,"href":"https:\/\/tipandtrips.es\/es\/wp-json\/wp\/v2\/place-categories?post=6345"},{"taxonomy":"place-amenities","embeddable":true,"href":"https:\/\/tipandtrips.es\/es\/wp-json\/wp\/v2\/place-amenities?post=6345"},{"taxonomy":"place-city","embeddable":true,"href":"https:\/\/tipandtrips.es\/es\/wp-json\/wp\/v2\/place-city?post=6345"}],"curies":[{"name":"wp","href":"https:\/\/api.w.org\/{rel}","templated":true}]}}